{"id":1617,"date":"2026-01-23T21:34:22","date_gmt":"2026-01-23T20:34:22","guid":{"rendered":"https:\/\/www.sfm-nieder-olm.de\/?page_id=1617"},"modified":"2026-01-24T08:38:34","modified_gmt":"2026-01-24T07:38:34","slug":"foerderverein","status":"publish","type":"page","link":"https:\/\/www.sfm-nieder-olm.de\/?page_id=1617","title":{"rendered":"F\u00f6rderverein"},"content":{"rendered":"\n<figure class=\"wp-block-image size-full\"><img loading=\"lazy\" decoding=\"async\" width=\"379\" height=\"91\" src=\"https:\/\/www.sfm-nieder-olm.de\/wp-content\/uploads\/2026\/01\/verein_fuer_koerper-und_mehrfachbehinderte_mainz-1.png\" alt=\"\" class=\"wp-image-1562\" srcset=\"https:\/\/www.sfm-nieder-olm.de\/wp-content\/uploads\/2026\/01\/verein_fuer_koerper-und_mehrfachbehinderte_mainz-1.png 379w, https:\/\/www.sfm-nieder-olm.de\/wp-content\/uploads\/2026\/01\/verein_fuer_koerper-und_mehrfachbehinderte_mainz-1-300x72.png 300w\" sizes=\"auto, (max-width: 379px) 100vw, 379px\" \/><\/figure>\n\n\n\n<p>Seit mehr als 50 Jahren betreut der Verein f\u00fcr K\u00f6rper- und Mehrfachbehinderte Mainz e. V. Kinder, Jugendliche und Erwachsene mit Behinderung im Gro\u00dfraum Mainz.<br>1964 wurde der Verein aus der Notsituation heraus von betroffenen Eltern gegr\u00fcndet, die durch eine gemeinsame F\u00f6rderung ihrer Kinder deren Lebenschancen verbessern wollten. Eine Tagesst\u00e4tte f\u00fcr k\u00f6rperbehinderte Kinder, die physiotherapeutische Betreuung und heilp\u00e4dagogische F\u00f6rderung anbot, wurde gegr\u00fcndet. Auch f\u00fcr die schulpflichtigen Kinder wurde in bescheidenem Umfang ein regelm\u00e4\u00dfiger Schulunterricht angeboten. F\u00fcr diese Aufgabe konnte Frau Gisela Matzkowsky, die sp\u00e4tere langj\u00e4hrige Rektorin unserer Schule, in nebenberuflicher T\u00e4tigkeit gewonnen werden.<br>1965 wurde in dem neu erbauten Schulzentrum Berliner Siedlung unsere Schule als erste staatliche Behindertenschule in Rheinland-Pfalz eingerichtet. Somit war der Verein Wegbereiter unserer Schule und die Verbundenheit mit der Schule blieb weiterhin bestehen.<br>Dar\u00fcber hinaus k\u00fcmmert sich der Verein auch um die berufliche und gesellschaftliche Integration als Mitgesellschafter der WFB-Mainz und des Wohnheimes Mainz-M\u00fcnchfeld.<br>Viele Sch\u00fclerinnen und Sch\u00fcler nehmen an den Freizeitprogrammen des Vereins teil. Kommunikationsmittel im Rahmen der Unterst\u00fctzten Kommunikation, die Klangwiege, Fahrr\u00e4der f\u00fcr die Pausen und zahlreiche Unterrichtsprojekte w\u00e4ren ohne die Spenden des Vereins nicht m\u00f6glich.<br>Auch unsere Schulbusse werden durch den Verein finanziert.<br>Mit der Mitgliedschaft im Verein f\u00fcr K\u00f6rper- und Mehrfachbehinderte unterst\u00fctzen Sie auch die F\u00f6rderung der Sch\u00fclerinnen und Sch\u00fcler unserer Schule.<br><br><br>Anschrift:<br><br>Verein f\u00fcr K\u00f6rper- und Mehrfachbehinderte Mainz e.V.<br>Albert-Stohr-Stra\u00dfe 49<br>55128 Mainz-Bretzenheim<br>Telefon (06131) 9 34 66 0<br>Fax (06131) 9 34 66 30<br>E-mail: <a href=\"mailto:info@koerperbehinderte-mainz.de\">info@koerperbehinderte-mainz.de<\/a><br>Web: <a href=\"https:\/\/web.archive.org\/web\/20210411060013\/http:\/\/www.koerperbehinderte-mainz.de\/\" target=\"_blank\" rel=\"noreferrer noopener\">www.koerperbehinderte-mainz.de<\/a><\/p>\n","protected":false},"excerpt":{"rendered":"<p>Seit mehr als 50 Jahren betreut der Verein f\u00fcr K\u00f6rper- und Mehrfachbehinderte Mainz e. V. Kinder, Jugendliche und Erwachsene mit Behinderung im Gro\u00dfraum Mainz.1964 wurde der Verein aus der Notsituation &#8230;<\/p>\n","protected":false},"author":2,"featured_media":0,"parent":1606,"menu_order":0,"comment_status":"closed","ping_status":"closed","template":"template-fullwidth.php","meta":{"footnotes":""},"class_list":["post-1617","page","type-page","status-publish","hentry"],"_links":{"self":[{"href":"https:\/\/www.sfm-nieder-olm.de\/index.php?rest_route=\/wp\/v2\/pages\/1617","targetHints":{"allow":["GET"]}}],"collection":[{"href":"https:\/\/www.sfm-nieder-olm.de\/index.php?rest_route=\/wp\/v2\/pages"}],"about":[{"href":"https:\/\/www.sfm-nieder-olm.de\/index.php?rest_route=\/wp\/v2\/types\/page"}],"author":[{"embeddable":true,"href":"https:\/\/www.sfm-nieder-olm.de\/index.php?rest_route=\/wp\/v2\/users\/2"}],"replies":[{"embeddable":true,"href":"https:\/\/www.sfm-nieder-olm.de\/index.php?rest_route=%2Fwp%2Fv2%2Fcomments&post=1617"}],"version-history":[{"count":1,"href":"https:\/\/www.sfm-nieder-olm.de\/index.php?rest_route=\/wp\/v2\/pages\/1617\/revisions"}],"predecessor-version":[{"id":1618,"href":"https:\/\/www.sfm-nieder-olm.de\/index.php?rest_route=\/wp\/v2\/pages\/1617\/revisions\/1618"}],"up":[{"embeddable":true,"href":"https:\/\/www.sfm-nieder-olm.de\/index.php?rest_route=\/wp\/v2\/pages\/1606"}],"wp:attachment":[{"href":"https:\/\/www.sfm-nieder-olm.de\/index.php?rest_route=%2Fwp%2Fv2%2Fmedia&parent=1617"}],"curies":[{"name":"wp","href":"https:\/\/api.w.org\/{rel}","templated":true}]}}